{"id":49,"date":"2024-03-08T19:14:09","date_gmt":"2024-03-08T18:14:09","guid":{"rendered":"https:\/\/lesgitesdelaravanne.fr\/?page_id=49"},"modified":"2024-09-19T12:13:01","modified_gmt":"2024-09-19T10:13:01","slug":"le-refuge","status":"publish","type":"page","link":"https:\/\/lesgitesdelaravanne.fr\/index.php\/le-refuge\/","title":{"rendered":"Gite le refuge"},"content":{"rendered":"<p>[et_pb_section fb_built=\u00a0\u00bb1&Prime; admin_label=\u00a0\u00bbHeader\u00a0\u00bb _builder_version=\u00a0\u00bb4.24.2&Prime; _module_preset=\u00a0\u00bbdefault\u00a0\u00bb use_background_color_gradient=\u00a0\u00bbon\u00a0\u00bb background_color_gradient_stops=\u00a0\u00bbrgba(31,35,44,0.7) 0%|gcid-9fa4a1b6-767d-41ca-984c-a6f10449c843 100%\u00a0\u00bb background_color_gradient_overlays_image=\u00a0\u00bbon\u00a0\u00bb background_image=\u00a0\u00bbhttp:\/\/lesgitesdelaravanne.fr\/wp-content\/uploads\/2024\/03\/23.04.03-Les-Ravanes-gite-The-One-TC-32-scaled.jpg\u00a0\u00bb locked=\u00a0\u00bboff\u00a0\u00bb collapsed=\u00a0\u00bbon\u00a0\u00bb global_colors_info=\u00a0\u00bb{%22gcid-9fa4a1b6-767d-41ca-984c-a6f10449c843%22:%91%22background_color_gradient_stops%22%93}\u00a0\u00bb][et_pb_row _builder_version=\u00a0\u00bb4.20.0&Prime; _module_preset=\u00a0\u00bbdefault\u00a0\u00bb global_colors_info=\u00a0\u00bb{}\u00a0\u00bb][et_pb_column type=\u00a0\u00bb4_4&Prime; _builder_version=\u00a0\u00bb4.20.0&Prime; _module_preset=\u00a0\u00bbdefault\u00a0\u00bb global_colors_info=\u00a0\u00bb{}\u00a0\u00bb][et_pb_text _builder_version=\u00a0\u00bb4.24.2&Prime; _module_preset=\u00a0\u00bb10fd85ed-e05a-4e52-a903-b84e8a580076&Prime; header_4_text_color=\u00a0\u00bbgcid-2f3f3e09-0a26-4ea7-8906-5e1128945e3f\u00a0\u00bb text_orientation=\u00a0\u00bbcenter\u00a0\u00bb custom_margin=\u00a0\u00bb||10px||false|false\u00a0\u00bb global_colors_info=\u00a0\u00bb{%22gcid-2f3f3e09-0a26-4ea7-8906-5e1128945e3f%22:%91%22header_4_text_color%22%93}\u00a0\u00bb]<\/p>\n<h4>G\u00eetes 7 personnes<\/h4>\n<p>[\/et_pb_text][et_pb_image src=\u00a0\u00bbhttp:\/\/lesgitesdelaravanne.fr\/wp-content\/uploads\/2024\/03\/attorney-1.png\u00a0\u00bb title_text=\u00a0\u00bbattorney-1&Prime; _builder_version=\u00a0\u00bb4.20.0&Prime; _module_preset=\u00a0\u00bbdefault\u00a0\u00bb max_width=\u00a0\u00bb130px\u00a0\u00bb module_alignment=\u00a0\u00bbcenter\u00a0\u00bb global_colors_info=\u00a0\u00bb{}\u00a0\u00bb][\/et_pb_image][et_pb_text _builder_version=\u00a0\u00bb4.24.2&Prime; _module_preset=\u00a0\u00bb3f0c44d0-3d1d-4b98-a92d-5e5f75819942&Prime; header_text_color=\u00a0\u00bbgcid-11d3dbbb-f6dc-4fb8-929b-9d6994368d00&Prime; text_orientation=\u00a0\u00bbcenter\u00a0\u00bb global_colors_info=\u00a0\u00bb{%22gcid-11d3dbbb-f6dc-4fb8-929b-9d6994368d00%22:%91%22header_text_color%22%93}\u00a0\u00bb]<\/p>\n<h1>Le refuge<\/h1>\n<p>[\/et_pb_text][\/et_pb_column][\/et_pb_row][\/et_pb_section][et_pb_section fb_built=\u00a0\u00bb1&Prime; admin_label=\u00a0\u00bbService Info\u00a0\u00bb _builder_version=\u00a0\u00bb4.20.0&Prime; _module_preset=\u00a0\u00bbdefault\u00a0\u00bb background_color=\u00a0\u00bbgcid-9fa4a1b6-767d-41ca-984c-a6f10449c843&Prime; collapsed=\u00a0\u00bbon\u00a0\u00bb global_colors_info=\u00a0\u00bb{%22gcid-9fa4a1b6-767d-41ca-984c-a6f10449c843%22:%91%22background_color%22%93}\u00a0\u00bb][et_pb_row custom_padding_last_edited=\u00a0\u00bbon|desktop\u00a0\u00bb _builder_version=\u00a0\u00bb4.20.0&Prime; _module_preset=\u00a0\u00bbdefault\u00a0\u00bb custom_padding=\u00a0\u00bb30px|60px|30px|60px|true|true\u00a0\u00bb custom_padding_tablet=\u00a0\u00bb|40px||40px|false|true\u00a0\u00bb custom_padding_phone=\u00a0\u00bb20px|20px|20px|20px|true|true\u00a0\u00bb border_color_all=\u00a0\u00bbgcid-11d3dbbb-f6dc-4fb8-929b-9d6994368d00&Prime; border_width_left=\u00a0\u00bb5px\u00a0\u00bb global_colors_info=\u00a0\u00bb{%22gcid-11d3dbbb-f6dc-4fb8-929b-9d6994368d00%22:%91%22border_color_all%22%93}\u00a0\u00bb][et_pb_column type=\u00a0\u00bb4_4&Prime; _builder_version=\u00a0\u00bb4.20.0&Prime; _module_preset=\u00a0\u00bbdefault\u00a0\u00bb global_colors_info=\u00a0\u00bb{}\u00a0\u00bb][et_pb_text _builder_version=\u00a0\u00bb4.24.2&Prime; _module_preset=\u00a0\u00bb4d7ac12f-e2df-4677-94f1-0c052a26c39f\u00a0\u00bb header_3_text_color=\u00a0\u00bbgcid-11d3dbbb-f6dc-4fb8-929b-9d6994368d00&Prime; global_colors_info=\u00a0\u00bb{%22gcid-11d3dbbb-f6dc-4fb8-929b-9d6994368d00%22:%91%22header_3_text_color%22%93}\u00a0\u00bb]<\/p>\n<h3>Description du gite<\/h3>\n<p>[\/et_pb_text][et_pb_text _builder_version=\u00a0\u00bb4.24.2&Prime; _module_preset=\u00a0\u00bb5692f559-0702-4961-b6ad-83af2df7c5d5&Prime; text_text_color=\u00a0\u00bb#FFFFFF\u00a0\u00bb global_colors_info=\u00a0\u00bb{}\u00a0\u00bb]<\/p>\n<p>Le Refuge est un g\u00eete spacieux et agr\u00e9able, am\u00e9nag\u00e9 dans une ancienne annexe de ferme vosgienne. Il peut accueillir jusqu&rsquo;\u00e0 7 personnes, avec trois chambres dont une chambre \u00e9quip\u00e9e d&rsquo;un lit double et d&rsquo;un lit simple.<\/p>\n<p>Profitez d&rsquo;une salle de bain, d&rsquo;un salon et d&rsquo;une cuisine enti\u00e8rement \u00e9quip\u00e9e avec plaque \u00e0 induction, four, lave-vaisselle, micro-ondes et r\u00e9frig\u00e9rateur avec compartiment cong\u00e9lateur.<\/p>\n<p>Pour les gourmands, nous mettons \u00e0 votre disposition des appareils \u00e0 raclette, \u00e0 fondue, un presse-agrumes et un grille-pain. Le sentier de randonn\u00e9e p\u00e9destre et VTT, accessible depuis votre porte, vous offre un acc\u00e8s direct au magnifique plateau des 1000 \u00e9tangs.<\/p>\n<p>De plus, Le Refuge b\u00e9n\u00e9ficie d&rsquo;une situation id\u00e9ale, \u00e0 seulement 15 minutes du Ballon d&rsquo;Alsace et du Rouge Gazon, \u00e0 20 minutes de La Bresse, \u00e0 35 minutes de G\u00e9rardmer et de leurs c\u00e9l\u00e8bres stations de ski. Vous trouverez \u00e9galement des commerces \u00e0 proximit\u00e9. C&rsquo;est l&rsquo;endroit parfait pour se ressourcer au calme !<\/p>\n<p>Le tarif varie entre 100 et 200 euros par nuit selon la p\u00e9riode.<br \/>Forfait m\u00e9nage 50 euros par s\u00e9jour.<br \/>Forfait chauffage en hiver 50 euros par s\u00e9jour.\u00a0<br \/>Forfait draps 10 euros par lit.<\/p>\n<p>[\/et_pb_text][\/et_pb_column][\/et_pb_row][et_pb_row _builder_version=\u00a0\u00bb4.20.0&Prime; _module_preset=\u00a0\u00bbdefault\u00a0\u00bb global_colors_info=\u00a0\u00bb{}\u00a0\u00bb][et_pb_column type=\u00a0\u00bb4_4&Prime; _builder_version=\u00a0\u00bb4.20.0&Prime; _module_preset=\u00a0\u00bbdefault\u00a0\u00bb global_colors_info=\u00a0\u00bb{}\u00a0\u00bb][et_pb_gallery gallery_ids=\u00a0\u00bb61,62,63,64,65,66,67&Prime; fullwidth=\u00a0\u00bbon\u00a0\u00bb _builder_version=\u00a0\u00bb4.24.2&Prime; _module_preset=\u00a0\u00bbdefault\u00a0\u00bb global_colors_info=\u00a0\u00bb{}\u00a0\u00bb][\/et_pb_gallery][\/et_pb_column][\/et_pb_row][et_pb_row column_structure=\u00a0\u00bb1_4,3_4&Prime; _builder_version=\u00a0\u00bb4.20.0&Prime; _module_preset=\u00a0\u00bbdefault\u00a0\u00bb global_colors_info=\u00a0\u00bb{}\u00a0\u00bb][et_pb_column type=\u00a0\u00bb1_4&Prime; _builder_version=\u00a0\u00bb4.20.0&Prime; _module_preset=\u00a0\u00bbdefault\u00a0\u00bb global_colors_info=\u00a0\u00bb{}\u00a0\u00bb][et_pb_text _builder_version=\u00a0\u00bb4.24.2&Prime; _module_preset=\u00a0\u00bbe47f6e3f-f437-4ab2-9fe1-61908209831a\u00a0\u00bb locked=\u00a0\u00bboff\u00a0\u00bb global_colors_info=\u00a0\u00bb{%22gcid-11d3dbbb-f6dc-4fb8-929b-9d6994368d00%22:%91%22header_4_text_color%22%93}\u00a0\u00bb]<\/p>\n<h4>Equipements<\/h4>\n<p>[\/et_pb_text][\/et_pb_column][et_pb_column type=\u00a0\u00bb3_4&Prime; _builder_version=\u00a0\u00bb4.20.0&Prime; _module_preset=\u00a0\u00bbdefault\u00a0\u00bb global_colors_info=\u00a0\u00bb{}\u00a0\u00bb][et_pb_blurb title=\u00a0\u00bbLogement entier\u00a0\u00bb use_icon=\u00a0\u00bbon\u00a0\u00bb font_icon=\u00a0\u00bb&#x4e;||divi||400&Prime; _builder_version=\u00a0\u00bb4.24.2&Prime; _module_preset=\u00a0\u00bbe8afb373-343b-4d59-84c8-877642988a75&Prime; custom_margin=\u00a0\u00bb||20px||false|false\u00a0\u00bb locked=\u00a0\u00bboff\u00a0\u00bb global_colors_info=\u00a0\u00bb{}\u00a0\u00bb][\/et_pb_blurb][et_pb_blurb title=\u00a0\u00bbAnimaux domestiques accept\u00e9s\u00a0\u00bb use_icon=\u00a0\u00bbon\u00a0\u00bb font_icon=\u00a0\u00bb&#x4e;||divi||400&Prime; _builder_version=\u00a0\u00bb4.24.2&Prime; _module_preset=\u00a0\u00bbe8afb373-343b-4d59-84c8-877642988a75&Prime; custom_margin=\u00a0\u00bb||20px||false|false\u00a0\u00bb locked=\u00a0\u00bboff\u00a0\u00bb global_colors_info=\u00a0\u00bb{}\u00a0\u00bb][\/et_pb_blurb][et_pb_blurb title=\u00a0\u00bbCuisine \u00e9quip\u00e9e\u00a0\u00bb use_icon=\u00a0\u00bbon\u00a0\u00bb font_icon=\u00a0\u00bb&#x4e;||divi||400&Prime; _builder_version=\u00a0\u00bb4.24.2&Prime; _module_preset=\u00a0\u00bbe8afb373-343b-4d59-84c8-877642988a75&Prime; custom_margin=\u00a0\u00bb||20px||false|false\u00a0\u00bb locked=\u00a0\u00bboff\u00a0\u00bb global_colors_info=\u00a0\u00bb{}\u00a0\u00bb][\/et_pb_blurb][et_pb_blurb title=\u00a0\u00bbTerrasse priv\u00e9e\u00a0\u00bb use_icon=\u00a0\u00bbon\u00a0\u00bb font_icon=\u00a0\u00bb&#x4e;||divi||400&Prime; _builder_version=\u00a0\u00bb4.24.2&Prime; _module_preset=\u00a0\u00bbe8afb373-343b-4d59-84c8-877642988a75&Prime; custom_margin=\u00a0\u00bb||20px||false|false\u00a0\u00bb locked=\u00a0\u00bboff\u00a0\u00bb global_colors_info=\u00a0\u00bb{}\u00a0\u00bb][\/et_pb_blurb][et_pb_blurb title=\u00a0\u00bbWifi gratuit et illimit\u00e9e\u00a0\u00bb use_icon=\u00a0\u00bbon\u00a0\u00bb font_icon=\u00a0\u00bb&#x4e;||divi||400&Prime; _builder_version=\u00a0\u00bb4.24.2&Prime; _module_preset=\u00a0\u00bbe8afb373-343b-4d59-84c8-877642988a75&Prime; custom_margin=\u00a0\u00bb||20px||false|false\u00a0\u00bb locked=\u00a0\u00bboff\u00a0\u00bb global_colors_info=\u00a0\u00bb{}\u00a0\u00bb][\/et_pb_blurb][et_pb_blurb title=\u00a0\u00bbAu coeur de la nature\u00a0\u00bb use_icon=\u00a0\u00bbon\u00a0\u00bb font_icon=\u00a0\u00bb&#x4e;||divi||400&Prime; _builder_version=\u00a0\u00bb4.24.2&Prime; _module_preset=\u00a0\u00bbe8afb373-343b-4d59-84c8-877642988a75&Prime; custom_margin=\u00a0\u00bb||20px||false|false\u00a0\u00bb locked=\u00a0\u00bboff\u00a0\u00bb global_colors_info=\u00a0\u00bb{}\u00a0\u00bb][\/et_pb_blurb][\/et_pb_column][\/et_pb_row][et_pb_row _builder_version=\u00a0\u00bb4.24.2&Prime; _module_preset=\u00a0\u00bbdefault\u00a0\u00bb global_colors_info=\u00a0\u00bb{}\u00a0\u00bb theme_builder_area=\u00a0\u00bbpost_content\u00a0\u00bb][et_pb_column type=\u00a0\u00bb4_4&Prime; _builder_version=\u00a0\u00bb4.24.2&Prime; _module_preset=\u00a0\u00bbdefault\u00a0\u00bb global_colors_info=\u00a0\u00bb{}\u00a0\u00bb theme_builder_area=\u00a0\u00bbpost_content\u00a0\u00bb][et_pb_text _builder_version=\u00a0\u00bb4.24.2&Prime; _module_preset=\u00a0\u00bb4d7ac12f-e2df-4677-94f1-0c052a26c39f\u00a0\u00bb header_3_text_color=\u00a0\u00bbgcid-11d3dbbb-f6dc-4fb8-929b-9d6994368d00&Prime; global_colors_info=\u00a0\u00bb{%22gcid-11d3dbbb-f6dc-4fb8-929b-9d6994368d00%22:%91%22header_3_text_color%22%93}\u00a0\u00bb theme_builder_area=\u00a0\u00bbpost_content\u00a0\u00bb]<\/p>\n<h3>Planning de notre gite<\/h3>\n<p>[\/et_pb_text][wpsbc_divi_single_calendar _builder_version=\u00a0\u00bb4.24.2&Prime; _module_preset=\u00a0\u00bbdefault\u00a0\u00bb theme_builder_area=\u00a0\u00bbpost_content\u00a0\u00bb id=\u00a0\u00bb2&Prime; title=\u00a0\u00bbno\u00a0\u00bb hover_enabled=\u00a0\u00bb0&Prime; sticky_enabled=\u00a0\u00bb0&Prime;][\/wpsbc_divi_single_calendar][et_pb_code _builder_version=\u00a0\u00bb4.24.2&Prime; _module_preset=\u00a0\u00bbdefault\u00a0\u00bb global_colors_info=\u00a0\u00bb{}\u00a0\u00bb theme_builder_area=\u00a0\u00bbpost_content\u00a0\u00bb][\/et_pb_code][\/et_pb_column][\/et_pb_row][\/et_pb_section][et_pb_section fb_built=\u00a0\u00bb1&Prime; admin_label=\u00a0\u00bbCase Studies\u00a0\u00bb _builder_version=\u00a0\u00bb4.20.0&Prime; _module_preset=\u00a0\u00bbdefault\u00a0\u00bb background_color=\u00a0\u00bbgcid-2f3f3e09-0a26-4ea7-8906-5e1128945e3f\u00a0\u00bb collapsed=\u00a0\u00bbon\u00a0\u00bb global_colors_info=\u00a0\u00bb{%22gcid-2f3f3e09-0a26-4ea7-8906-5e1128945e3f%22:%91%22background_color%22%93}\u00a0\u00bb][et_pb_row _builder_version=\u00a0\u00bb4.20.0&Prime; _module_preset=\u00a0\u00bbdefault\u00a0\u00bb global_colors_info=\u00a0\u00bb{}\u00a0\u00bb][et_pb_column type=\u00a0\u00bb4_4&Prime; _builder_version=\u00a0\u00bb4.20.0&Prime; _module_preset=\u00a0\u00bbdefault\u00a0\u00bb global_colors_info=\u00a0\u00bb{}\u00a0\u00bb][et_pb_text _builder_version=\u00a0\u00bb4.24.2&Prime; _module_preset=\u00a0\u00bb5d685181-acc1-4f35-84c4-b8bf4ee2df4c\u00a0\u00bb global_colors_info=\u00a0\u00bb{}\u00a0\u00bb]<\/p>\n<h2>D\u00e9couvrez nos autres gites<\/h2>\n<p>[\/et_pb_text][\/et_pb_column][\/et_pb_row][et_pb_row column_structure=\u00a0\u00bb1_2,1_2&Prime; _builder_version=\u00a0\u00bb4.24.2&Prime; _module_preset=\u00a0\u00bbdefault\u00a0\u00bb global_colors_info=\u00a0\u00bb{}\u00a0\u00bb][et_pb_column type=\u00a0\u00bb1_2&Prime; _builder_version=\u00a0\u00bb4.20.0&Prime; _module_preset=\u00a0\u00bbdefault\u00a0\u00bb custom_padding_tablet=\u00a0\u00bb||30px||false|false\u00a0\u00bb custom_padding_phone=\u00a0\u00bb||30px||false|false\u00a0\u00bb custom_padding_last_edited=\u00a0\u00bbon|tablet\u00a0\u00bb global_colors_info=\u00a0\u00bb{}\u00a0\u00bb][et_pb_text _builder_version=\u00a0\u00bb4.24.2&Prime; _module_preset=\u00a0\u00bb8bd611c2-ae31-4bdf-aaf0-c10a725c793c\u00a0\u00bb custom_margin=\u00a0\u00bb||20px||false|false\u00a0\u00bb global_colors_info=\u00a0\u00bb{}\u00a0\u00bb]<\/p>\n<h5>Gite le cocoon<\/h5>\n<p>[\/et_pb_text][et_pb_text _builder_version=\u00a0\u00bb4.24.2&Prime; _module_preset=\u00a0\u00bb5692f559-0702-4961-b6ad-83af2df7c5d5&Prime; global_colors_info=\u00a0\u00bb{}\u00a0\u00bb]<\/p>\n<p>D\u00e9couvrez ce g\u00eete de 5 personnes<\/p>\n<p>[\/et_pb_text][et_pb_button button_url=\u00a0\u00bb@ET-DC@eyJkeW5hbWljIjp0cnVlLCJjb250ZW50IjoicG9zdF9saW5rX3VybF9wYWdlIiwic2V0dGluZ3MiOnsicG9zdF9pZCI6IjQyIn19@\u00a0\u00bb button_text=\u00a0\u00bbDecouvrir\u00a0\u00bb _builder_version=\u00a0\u00bb4.24.2&Prime; _dynamic_attributes=\u00a0\u00bbbutton_url\u00a0\u00bb _module_preset=\u00a0\u00bb6d13d498-46a2-415d-a827-dc53fc58d71a\u00a0\u00bb global_colors_info=\u00a0\u00bb{}\u00a0\u00bb][\/et_pb_button][\/et_pb_column][et_pb_column type=\u00a0\u00bb1_2&Prime; _builder_version=\u00a0\u00bb4.20.0&Prime; _module_preset=\u00a0\u00bbdefault\u00a0\u00bb custom_padding_tablet=\u00a0\u00bb||30px||false|false\u00a0\u00bb custom_padding_phone=\u00a0\u00bb||30px||false|false\u00a0\u00bb custom_padding_last_edited=\u00a0\u00bbon|tablet\u00a0\u00bb global_colors_info=\u00a0\u00bb{}\u00a0\u00bb][et_pb_text _builder_version=\u00a0\u00bb4.24.2&Prime; _module_preset=\u00a0\u00bb8bd611c2-ae31-4bdf-aaf0-c10a725c793c\u00a0\u00bb custom_margin=\u00a0\u00bb||20px||false|false\u00a0\u00bb global_colors_info=\u00a0\u00bb{}\u00a0\u00bb]<\/p>\n<h5>Gite le petit nid<\/h5>\n<p>[\/et_pb_text][et_pb_text _builder_version=\u00a0\u00bb4.24.2&Prime; _module_preset=\u00a0\u00bb5692f559-0702-4961-b6ad-83af2df7c5d5&Prime; global_colors_info=\u00a0\u00bb{}\u00a0\u00bb]<\/p>\n<p>D\u00e9couvrez ce g\u00eete de 4 personnes<\/p>\n<p>[\/et_pb_text][et_pb_button button_url=\u00a0\u00bb@ET-DC@eyJkeW5hbWljIjp0cnVlLCJjb250ZW50IjoicG9zdF9saW5rX3VybF9wYWdlIiwic2V0dGluZ3MiOnsicG9zdF9pZCI6IjUzIn19@\u00a0\u00bb button_text=\u00a0\u00bbDecouvrir\u00a0\u00bb _builder_version=\u00a0\u00bb4.24.2&Prime; _dynamic_attributes=\u00a0\u00bbbutton_url\u00a0\u00bb _module_preset=\u00a0\u00bb6d13d498-46a2-415d-a827-dc53fc58d71a\u00a0\u00bb global_colors_info=\u00a0\u00bb{}\u00a0\u00bb][\/et_pb_button][\/et_pb_column][\/et_pb_row][\/et_pb_section]<\/p>\n","protected":false},"excerpt":{"rendered":"<p>G\u00eetes 7 personnesLe refugeDescription du giteLe Refuge est un g\u00eete spacieux et agr\u00e9able, am\u00e9nag\u00e9 dans une ancienne annexe de ferme vosgienne. Il peut accueillir jusqu&rsquo;\u00e0 7 personnes, avec trois chambres dont une chambre \u00e9quip\u00e9e d&rsquo;un lit double et d&rsquo;un lit simple. Profitez d&rsquo;une salle de bain, d&rsquo;un salon et d&rsquo;une cuisine enti\u00e8rement \u00e9quip\u00e9e avec plaque [&hellip;]<\/p>\n","protected":false},"author":1,"featured_media":0,"parent":0,"menu_order":0,"comment_status":"closed","ping_status":"closed","template":"","meta":{"_et_pb_use_builder":"on","_et_pb_old_content":"","_et_gb_content_width":"","footnotes":""},"class_list":["post-49","page","type-page","status-publish","hentry"],"_links":{"self":[{"href":"https:\/\/lesgitesdelaravanne.fr\/index.php\/wp-json\/wp\/v2\/pages\/49","targetHints":{"allow":["GET"]}}],"collection":[{"href":"https:\/\/lesgitesdelaravanne.fr\/index.php\/wp-json\/wp\/v2\/pages"}],"about":[{"href":"https:\/\/lesgitesdelaravanne.fr\/index.php\/wp-json\/wp\/v2\/types\/page"}],"author":[{"embeddable":true,"href":"https:\/\/lesgitesdelaravanne.fr\/index.php\/wp-json\/wp\/v2\/users\/1"}],"replies":[{"embeddable":true,"href":"https:\/\/lesgitesdelaravanne.fr\/index.php\/wp-json\/wp\/v2\/comments?post=49"}],"version-history":[{"count":9,"href":"https:\/\/lesgitesdelaravanne.fr\/index.php\/wp-json\/wp\/v2\/pages\/49\/revisions"}],"predecessor-version":[{"id":183,"href":"https:\/\/lesgitesdelaravanne.fr\/index.php\/wp-json\/wp\/v2\/pages\/49\/revisions\/183"}],"wp:attachment":[{"href":"https:\/\/lesgitesdelaravanne.fr\/index.php\/wp-json\/wp\/v2\/media?parent=49"}],"curies":[{"name":"wp","href":"https:\/\/api.w.org\/{rel}","templated":true}]}}